{"id":523,"date":"2025-01-23T21:25:10","date_gmt":"2025-01-23T20:25:10","guid":{"rendered":"https:\/\/zde.wfosigw.zgora.pl\/?page_id=523"},"modified":"2025-01-24T09:36:54","modified_gmt":"2025-01-24T08:36:54","slug":"zglaszanie-nieprawdlowosci","status":"publish","type":"page","link":"https:\/\/zde.wfosigw.zgora.pl\/index.php\/zglaszanie-nieprawdlowosci\/","title":{"rendered":"Zg\u0142aszanie nieprawid\u0142owo\u015bci"},"content":{"rendered":"\n<h2 class=\"wp-block-heading\">Jaki jest cel mechanizmu?<\/h2>\n\n\n\n<p>Instytucja Zarz\u0105dzaj\u0105ca Programem Fundusze Europejskie na Infrastruktur\u0119, Klimat, \u015arodowisko 2021-2027 (FEnIKS), przywi\u0105zuje szczeg\u00f3ln\u0105 wag\u0119 do zapewnienia realizacji projekt\u00f3w w spos\u00f3b:<\/p>\n\n\n\n<ul class=\"wp-block-list\">\n<li>etyczny,<\/li>\n\n\n\n<li>jawny,<\/li>\n\n\n\n<li>przejrzysty.<\/li>\n<\/ul>\n\n\n\n<p>Wychodz\u0105c temu naprzeciw udost\u0119pniamy proste narz\u0119dzie do zg\u0142aszania wszelkich nieprawid\u0142owo\u015bci dotycz\u0105cych projekt\u00f3w w programie FEnIKS.<\/p>\n\n\n\n<p>Przekazywane sygna\u0142y o nieprawid\u0142owo\u015bciach pozwol\u0105 na wprowadzenie odpowiednich \u015brodk\u00f3w zaradczych oraz przyczyni\u0105 si\u0119 do zapewnienia najwy\u017cszych standard\u00f3w realizacji projekt\u00f3w.<\/p>\n\n\n\n<p>W celu zg\u0142oszenia nieprawid\u0142owo\u015bci nale\u017cy:<\/p>\n\n\n\n<ul class=\"wp-block-list\">\n<li>skorzysta\u0107 z\u00a0<a href=\"https:\/\/nieprawidlowosci.mfipr.gov.pl\/bazy\/konsultacje-spoleczne\/eaplikacja-konsultacje.nsf\/document.xsp?unid=9B0502CE55377495C1257C0D0026120B&amp;titleMenu=Dokument&amp;uniddoc=ADA9C402D35F17C2C125899800204273\" target=\"_blank\" rel=\"noreferrer noopener\">formularza<\/a><\/li>\n\n\n\n<li>wys\u0142a\u0107 wiadomo\u015b\u0107 na adres e-mail:\u00a0<a href=\"mailto:naduzycia.feniks@mfipr.gov.pl\">naduzycia.feniks@mfipr.gov.pl<\/a>\u00a0lub\u00a0<a href=\"mailto:rownosc.feniks@mfipr.gov.pl\">rownosc.feniks@mfipr.gov.pl<\/a><\/li>\n<\/ul>\n\n\n\n<h2 class=\"wp-block-heading\">Co mo\u017cna zg\u0142asza\u0107?<\/h2>\n\n\n\n<p>Podejrzenia nieprawid\u0142owo\u015bci, kt\u00f3re dotycz\u0105 przedstawicieli instytucji wdra\u017caj\u0105cych Program lub podmiot\u00f3w realizuj\u0105cych i wykonuj\u0105cych projekty (np. Beneficjent\u00f3w, Wykonawc\u00f3w).<\/p>\n\n\n\n<h2 class=\"wp-block-heading\">Czy mo\u017cna przekaza\u0107 zg\u0142oszenie anonimowo?<\/h2>\n\n\n\n<p>Oczywi\u015bcie istnieje taka mo\u017cliwo\u015b\u0107. Takie zg\u0142oszenia r\u00f3wnie\u017c s\u0105 rozpatrywane. Niemniej w przypadku zg\u0142osze\u0144, kt\u00f3re b\u0119d\u0105 niepe\u0142ne i nie b\u0119dzie mo\u017cliwo\u015bci kontaktu z osob\u0105 dokonuj\u0105c\u0105 zg\u0142oszenia w celu uzupe\u0142nienia informacji, istnieje ryzyko, \u017ce takie zg\u0142oszenie nie b\u0119dzie mog\u0142o zosta\u0107 wyja\u015bnione.<\/p>\n\n\n\n<p>W przypadku wyra\u017cenia ch\u0119ci pozostania anonimowym przez osob\u0119 dokonuj\u0105c\u0105 zg\u0142oszenia za po\u015brednictwem poczty elektronicznej, dokonywana b\u0119dzie pe\u0142na anonimizacja zg\u0142oszenia (ze zg\u0142oszenia usuni\u0119te zostan\u0105 dane osobowe zg\u0142aszaj\u0105cego i inne cechy pozwalaj\u0105ce na identyfikacj\u0119 jego to\u017csamo\u015bci) przed jej ewentualnym przekazaniem w celu wyja\u015bnienia sprawy.<\/p>\n\n\n\n<h2 class=\"wp-block-heading\">Zasady, jakimi kierujemy si\u0119 przy rozpatrywaniu przekazanych zg\u0142osze\u0144:<\/h2>\n\n\n\n<p>Ka\u017cde zg\u0142oszenie podlega ochronie przed udost\u0119pnieniem osobom nieuprawnionym. Informacje obj\u0119te zg\u0142oszeniem, umo\u017cliwiaj\u0105ce identyfikacj\u0119 osoby dokonuj\u0105cej zg\u0142oszenie, b\u0119d\u0105 chronione zar\u00f3wno na etapie wyja\u015bniania sprawy, podczas prowadzenia ewentualnych dzia\u0142a\u0144 zapobiegawczych, jak r\u00f3wnie\u017c w przysz\u0142o\u015bci i udost\u0119pniane wy\u0142\u0105cznie uprawnionym urz\u0119dnikom oraz funkcjonariuszom odpowiednich s\u0142u\u017cb.&nbsp;&nbsp;&nbsp;<\/p>\n\n\n\n<p>Wszelkie zg\u0142oszenia b\u0119d\u0105 skrupulatnie rozpatrywane zgodnie z wewn\u0119trznymi procedurami Instytucji Zarz\u0105dzaj\u0105cej FEnIKS oraz przepisami prawa powszechnie obowi\u0105zuj\u0105cego.&nbsp; &nbsp;<\/p>\n","protected":false},"excerpt":{"rendered":"<p>Jaki jest cel mechanizmu? Instytucja Zarz\u0105dzaj\u0105ca Programem Fundusze Europejskie na Infrastruktur\u0119, Klimat, \u015arodowisko 2021-2027 (FEnIKS), przywi\u0105zuje szczeg\u00f3ln\u0105 wag\u0119 do zapewnienia realizacji projekt\u00f3w w spos\u00f3b: Wychodz\u0105c temu naprzeciw udost\u0119pniamy proste narz\u0119dzie do zg\u0142aszania wszelkich nieprawid\u0142owo\u015bci dotycz\u0105cych projekt\u00f3w w programie FEnIKS. Przekazywane sygna\u0142y o nieprawid\u0142owo\u015bciach pozwol\u0105 na wprowadzenie odpowiednich \u015brodk\u00f3w zaradczych oraz przyczyni\u0105 si\u0119 do zapewnienia najwy\u017cszych&hellip;&nbsp;<a href=\"https:\/\/zde.wfosigw.zgora.pl\/index.php\/zglaszanie-nieprawdlowosci\/\" rel=\"bookmark\">Dowiedz si\u0119 wi\u0119cej &raquo;<span class=\"screen-reader-text\">Zg\u0142aszanie nieprawid\u0142owo\u015bci<\/span><\/a><\/p>\n","protected":false},"author":3,"featured_media":0,"parent":0,"menu_order":0,"comment_status":"closed","ping_status":"closed","template":"","meta":{"neve_meta_sidebar":"","neve_meta_container":"","neve_meta_enable_content_width":"","neve_meta_content_width":0,"neve_meta_title_alignment":"","neve_meta_author_avatar":"","neve_post_elements_order":"","neve_meta_disable_header":"","neve_meta_disable_footer":"","neve_meta_disable_title":"","_themeisle_gutenberg_block_has_review":false,"footnotes":""},"class_list":["post-523","page","type-page","status-publish","hentry"],"_links":{"self":[{"href":"https:\/\/zde.wfosigw.zgora.pl\/index.php\/wp-json\/wp\/v2\/pages\/523","targetHints":{"allow":["GET"]}}],"collection":[{"href":"https:\/\/zde.wfosigw.zgora.pl\/index.php\/wp-json\/wp\/v2\/pages"}],"about":[{"href":"https:\/\/zde.wfosigw.zgora.pl\/index.php\/wp-json\/wp\/v2\/types\/page"}],"author":[{"embeddable":true,"href":"https:\/\/zde.wfosigw.zgora.pl\/index.php\/wp-json\/wp\/v2\/users\/3"}],"replies":[{"embeddable":true,"href":"https:\/\/zde.wfosigw.zgora.pl\/index.php\/wp-json\/wp\/v2\/comments?post=523"}],"version-history":[{"count":3,"href":"https:\/\/zde.wfosigw.zgora.pl\/index.php\/wp-json\/wp\/v2\/pages\/523\/revisions"}],"predecessor-version":[{"id":624,"href":"https:\/\/zde.wfosigw.zgora.pl\/index.php\/wp-json\/wp\/v2\/pages\/523\/revisions\/624"}],"wp:attachment":[{"href":"https:\/\/zde.wfosigw.zgora.pl\/index.php\/wp-json\/wp\/v2\/media?parent=523"}],"curies":[{"name":"wp","href":"https:\/\/api.w.org\/{rel}","templated":true}]}}